{"version":"1.0","provider_name":"Rem\u00e9nytelen....","provider_url":"https:\/\/remenytelen.cafeblog.hu","author_name":"Es\u0151l\u00e1ny","author_url":"https:\/\/remenytelen.cafeblog.hu\/author\/esolany\/","title":"Itt lenn\u00e9l?","html":"<p style=\"text-align: center; font-weight: bold;\"><\/p><center><img src=\"https:\/\/remenytelen.cafeblog.hu\/files\/bujas.jpg\" class=\"blogkep\" align=\"center\"><\/center><p style=\"text-align: center; font-weight: bold;\"><span style=\"color: rgb(255, 102, 0);\"><span style=\"color: rgb(255, 153, 0);\"><span style=\"font-family: Verdana;\"><span style=\"font-size: 14px;\">&nbsp;M\u00e1r minden helyen kerestelek, ahol nem vagy, csak azt a helyet nem tal\u00e1lom, ahol vagy. Csak azt tudom, hogy ott vagy, ahol \u00e9n nem vagyok. De hol vagyok \u00e9n? Azt k\u00edv\u00e1nom, b\u00e1r itt lenn\u00e9l, hogy megmondd. Esetleg ha nagyon-nagyon er\u0151sen k\u00edv\u00e1nn\u00e1m, akkor itt lenn\u00e9l?<\/span><\/span><\/span><\/span><\/p><p style=\"text-align: center; font-weight: bold;\"><span style=\"color: rgb(255, 102, 0);\"><span style=\"color: rgb(255, 153, 0);\"><span style=\"font-family: Verdana;\"><span style=\"font-size: 14px;\"><br><\/span><\/span><\/span><\/span><\/p>","type":"rich"}